{"id":2301,"date":"2023-06-30T14:41:01","date_gmt":"2023-06-30T12:41:01","guid":{"rendered":"http:\/\/clinicadelcarmenhuelva.com\/?page_id=2301"},"modified":"2023-07-03T14:17:29","modified_gmt":"2023-07-03T12:17:29","slug":"cirugia-maxilofacial-y-estetica-facial","status":"publish","type":"page","link":"https:\/\/clinicadelcarmenhuelva.com\/index.php\/cirugia-maxilofacial-y-estetica-facial\/","title":{"rendered":"Cirug\u00eda Maxilofacial y Est\u00e9tica Facial"},"content":{"rendered":"\n[et_pb_section fb_built=\u00bb1&#8243; _builder_version=\u00bb4.16&#8243; _module_preset=\u00bbdefault\u00bb background_color=\u00bb#3D107B\u00bb background_image=\u00bbhttp:\/\/clinicadelcarmenhuelva.com\/wp-content\/uploads\/2019\/07\/health-clinic-29.png\u00bb background_size=\u00bbinitial\u00bb background_position=\u00bbtop_left\u00bb background_repeat=\u00bbrepeat\u00bb custom_margin=\u00bb0px||0px||false|false\u00bb custom_padding=\u00bb0px||0px||false|false\u00bb global_colors_info=\u00bb{}\u00bb][et_pb_row _builder_version=\u00bb4.16&#8243; _module_preset=\u00bbdefault\u00bb animation_style=\u00bbslide\u00bb animation_direction=\u00bbright\u00bb global_colors_info=\u00bb{}\u00bb][et_pb_column type=\u00bb4_4&#8243; _builder_version=\u00bb4.16&#8243; _module_preset=\u00bbdefault\u00bb global_colors_info=\u00bb{}\u00bb][et_pb_team_member name=\u00bbCIRUG\u00cdA MAXILOFACIAL Y EST\u00c9TICA FACIAL\u00bb image_url=\u00bbhttp:\/\/clinicadelcarmenhuelva.com\/wp-content\/uploads\/2019\/07\/cirugia.png\u00bb _builder_version=\u00bb4.21.0&#8243; _module_preset=\u00bbdefault\u00bb header_font=\u00bb|700||on|||||\u00bb header_text_color=\u00bb#1A96D3&#8243; header_font_size=\u00bb35px\u00bb hover_enabled=\u00bb0&#8243; header_text_align_tablet=\u00bb\u00bb header_text_align_phone=\u00bbcenter\u00bb header_text_align_last_edited=\u00bbon|phone\u00bb text_orientation_tablet=\u00bb\u00bb text_orientation_phone=\u00bbcenter\u00bb text_orientation_last_edited=\u00bbon|phone\u00bb global_colors_info=\u00bb{}\u00bb sticky_enabled=\u00bb0&#8243; header_font_size_last_edited=\u00bbon|tablet\u00bb header_font_size_tablet=\u00bb35px\u00bb header_font_size_phone=\u00bb35px\u00bb][\/et_pb_team_member][et_pb_button button_url=\u00bb#cita\u00bb button_text=\u00bbSolicitar Cita\u00bb button_alignment_tablet=\u00bb\u00bb button_alignment_phone=\u00bbcenter\u00bb button_alignment_last_edited=\u00bbon|desktop\u00bb _builder_version=\u00bb4.21.0&#8243; _module_preset=\u00bbdefault\u00bb custom_button=\u00bbon\u00bb button_text_size=\u00bb15px\u00bb button_text_color=\u00bb#3D107B\u00bb button_bg_color=\u00bb#FFFFFF\u00bb button_letter_spacing=\u00bb3px\u00bb button_font=\u00bb|700||on|||||\u00bb custom_margin=\u00bb-75px|||130px|false|false\u00bb custom_margin_tablet=\u00bb-50px||||false|false\u00bb custom_margin_phone=\u00bb-22px|||0px|false|false\u00bb custom_margin_last_edited=\u00bbon|phone\u00bb hover_enabled=\u00bb0&#8243; global_colors_info=\u00bb{}\u00bb sticky_enabled=\u00bb0&#8243;][\/et_pb_button][\/et_pb_column][\/et_pb_row][\/et_pb_section][et_pb_section fb_built=\u00bb1&#8243; specialty=\u00bbon\u00bb _builder_version=\u00bb4.16&#8243; _module_preset=\u00bbdefault\u00bb background_image=\u00bbhttp:\/\/clinicadelcarmenhuelva.com\/wp-content\/uploads\/2019\/07\/health-clinic-29.png\u00bb background_size=\u00bbinitial\u00bb background_repeat=\u00bbrepeat\u00bb custom_padding=\u00bb5px|||||\u00bb global_colors_info=\u00bb{}\u00bb][et_pb_column type=\u00bb3_4&#8243; specialty_columns=\u00bb3&#8243; _builder_version=\u00bb4.16&#8243; custom_padding=\u00bb|||\u00bb global_colors_info=\u00bb{}\u00bb custom_padding__hover=\u00bb|||\u00bb][et_pb_row_inner column_structure=\u00bb1_2,1_2&#8243; use_custom_gutter=\u00bbon\u00bb make_equal=\u00bbon\u00bb _builder_version=\u00bb4.16&#8243; _module_preset=\u00bbdefault\u00bb global_colors_info=\u00bb{}\u00bb][et_pb_column_inner type=\u00bb1_2&#8243; saved_specialty_column_type=\u00bb3_4&#8243; _builder_version=\u00bb4.16&#8243; _module_preset=\u00bbdefault\u00bb global_colors_info=\u00bb{}\u00bb][et_pb_image src=\u00bbhttp:\/\/clinicadelcarmenhuelva.com\/wp-content\/uploads\/2023\/06\/TERESA-CORDERO-GARCIA.jpg\u00bb title_text=\u00bbTERESA CORDERO GARCIA\u00bb _builder_version=\u00bb4.21.0&#8243; _module_preset=\u00bbdefault\u00bb animation_style=\u00bbslide\u00bb animation_direction=\u00bbleft\u00bb global_colors_info=\u00bb{}\u00bb][\/et_pb_image][\/et_pb_column_inner][et_pb_column_inner type=\u00bb1_2&#8243; saved_specialty_column_type=\u00bb3_4&#8243; _builder_version=\u00bb4.16&#8243; _module_preset=\u00bbdefault\u00bb global_colors_info=\u00bb{}\u00bb][et_pb_team_member name=\u00bbDra. Teresa Cordero Garc\u00eda\u00bb _builder_version=\u00bb4.21.0&#8243; _module_preset=\u00bbdefault\u00bb header_font=\u00bb|700|||||||\u00bb header_text_color=\u00bb#000000&#8243; animation_style=\u00bbzoom\u00bb border_width_all_image=\u00bb9px\u00bb border_color_all_image=\u00bbrgba(255,255,255,0)\u00bb global_colors_info=\u00bb{}\u00bb]<p>M\u00e9dico Especialista en Cirug\u00eda Maxilofacial y Est\u00e9tica Facial Integral, formada en el Hospital Universitario Virgen del Roc\u00edo.<\/p>\n<p>M\u00e1ster en Medicina Est\u00e9tica de la Universidad Europea Miguel de Cervantes y Experto Universitario en Ortodoncia Quir\u00fargica y Cirug\u00eda Ortogn\u00e1tica de la Universidad Internacional de Catalu\u00f1a.<\/p>\n<p>Miembro de la SECOM (Sociedad Espa\u00f1ola de Cirug\u00eda Oral y Maxilofacial) y de la SECPF (Sociedad Espa\u00f1ola de Cirug\u00eda Pl\u00e1stica Facial), en permanente formaci\u00f3n para poder estar a la vanguardia de los tratamientos m\u00e1s innovadores.<\/p>\n<p>C\u00f3mo cirujana Maxilofacial, mi \u00e1mbito de trabajo se centra a nivel de la cabeza y el cuello, especializada en tratamientos de Medicina Est\u00e9tica y Cirug\u00eda Est\u00e9tica Facial, realizo t\u00e9cnicas avanzadas y m\u00ednimamente invasivas con materiales de \u00faltima generaci\u00f3n para obtener los mejores resultados.<\/p>\n<p>Si quieres lucir tu mejor cara \u00a1Pide cita y te asesoraremos encantados!<\/p>[\/et_pb_team_member][\/et_pb_column_inner][\/et_pb_row_inner][et_pb_row_inner _builder_version=\u00bb4.21.0&#8243; _module_preset=\u00bbdefault\u00bb][et_pb_column_inner saved_specialty_column_type=\u00bb3_4&#8243; _builder_version=\u00bb4.21.0&#8243; _module_preset=\u00bbdefault\u00bb][et_pb_text _builder_version=\u00bb4.21.0&#8243; _module_preset=\u00bbdefault\u00bb header_2_font=\u00bb|700|||||||\u00bb header_2_text_color=\u00bb#1A96D3&#8243; header_2_font_size=\u00bb22px\u00bb hover_enabled=\u00bb0&#8243; sticky_enabled=\u00bb0&#8243; animation_style=\u00bbslide\u00bb animation_direction=\u00bbleft\u00bb]<h2>Cartera de servicios<\/h2>[\/et_pb_text][et_pb_divider _builder_version=\u00bb4.21.0&#8243; _module_preset=\u00bbdefault\u00bb divider_weight=\u00bb4px\u00bb color=\u00bb#29C4A9&#8243; custom_margin=\u00bb-23px||||false|false\u00bb hover_enabled=\u00bb0&#8243; sticky_enabled=\u00bb0&#8243; animation_style=\u00bbslide\u00bb][\/et_pb_divider][et_pb_gallery _builder_version=\u00bb4.21.0&#8243; _module_preset=\u00bbdefault\u00bb gallery_ids=\u00bb2321,2322&#8243; orientation=\u00bbportrait\u00bb module_alignment=\u00bbcenter\u00bb show_title_and_caption=\u00bboff\u00bb show_pagination=\u00bboff\u00bb hover_enabled=\u00bb0&#8243; sticky_enabled=\u00bb0&#8243; posts_number=\u00bb2&#8243; box_shadow_style_image=\u00bbpreset1&#8243; animation_style=\u00bbslide\u00bb][\/et_pb_gallery][\/et_pb_column_inner][\/et_pb_row_inner][et_pb_row_inner column_structure=\u00bb1_2,1_2&#8243; make_equal=\u00bbon\u00bb _builder_version=\u00bb4.16&#8243; _module_preset=\u00bbdefault\u00bb global_colors_info=\u00bb{}\u00bb][et_pb_column_inner type=\u00bb1_2&#8243; saved_specialty_column_type=\u00bb3_4&#8243; _builder_version=\u00bb4.16&#8243; _module_preset=\u00bbdefault\u00bb global_colors_info=\u00bb{}\u00bb][et_pb_blurb title=\u00bbSolicitar cita Online\u00bb use_icon=\u00bbon\u00bb font_icon=\u00bb&#xe023;||divi||400&#8243; icon_color=\u00bb#3d107b\u00bb image_icon_background_color=\u00bb#ffffff\u00bb image_icon_width=\u00bb48px\u00bb module_id=\u00bbcita\u00bb _builder_version=\u00bb4.16&#8243; header_level=\u00bbh3&#8243; header_font=\u00bb|600|||||||\u00bb header_text_align=\u00bbcenter\u00bb header_text_color=\u00bb#ffffff\u00bb header_font_size=\u00bb27px\u00bb body_font=\u00bb||||||||\u00bb body_text_color=\u00bb#ffffff\u00bb background_color=\u00bb#3d107b\u00bb image_icon_custom_padding=\u00bb25px|25px|25px|25px|false|false\u00bb custom_padding=\u00bb37px|20px||20px||\u00bb animation_style=\u00bbzoom\u00bb border_radii_image=\u00bbon|100%|100%|100%|100%\u00bb box_shadow_style=\u00bbpreset1&#8243; use_circle=\u00bbon\u00bb circle_color=\u00bb#ffffff\u00bb global_colors_info=\u00bb{}\u00bb image_icon_background_color__sticky_enabled=\u00bb#7EBEC5&#8243; image_icon_background_color__sticky=\u00bb#7EBEC5&#8243;]<p style=\"text-align: center;\">Para solicitar cita haga click en el siguiente bot\u00f3n.<\/p>\n<p style=\"text-align: center;\"><a href=\"https:\/\/app.clinic-cloud.com\/citaonline.php\/clinicadelcarmenhuelva\"><strong><img loading=\"lazy\" decoding=\"async\" src=\"http:\/\/clinicadelcarmenhuelva.com\/wp-content\/uploads\/2019\/07\/cita-online.png\" width=\"161\" height=\"52\" alt=\"\" class=\"wp-image-381 alignnone size-full\" \/><\/strong><\/a><\/p>\n<p style=\"text-align: center;\">[\/et_pb_blurb][\/et_pb_column_inner][et_pb_column_inner type=\u00bb1_2&#8243; saved_specialty_column_type=\u00bb3_4&#8243; _builder_version=\u00bb4.16&#8243; _module_preset=\u00bbdefault\u00bb global_colors_info=\u00bb{}\u00bb][et_pb_code _builder_version=\u00bb4.16&#8243; _module_preset=\u00bbdefault\u00bb animation_style=\u00bbzoom\u00bb global_colors_info=\u00bb{}\u00bb]<iframe loading=\"lazy\" src=\"https:\/\/www.google.com\/maps\/embed?pb=!1m14!1m8!1m3!1d12702.958789098624!2d-6.952587!3d37.253883!3m2!1i1024!2i768!4f13.1!3m3!1m2!1s0x0%3A0xc7fc42c42005bb5f!2sCl%C3%ADnica+del+Carmen+-+Centro+de+Especialidades+M%C3%A9dicas!5e0!3m2!1ses!2sus!4v1564741409678!5m2!1ses!2sus\" width=\"600\" height=\"350\" frameborder=\"0\" style=\"border: 0;\" allowfullscreen=\"\"><\/iframe>[\/et_pb_code][\/et_pb_column_inner][\/et_pb_row_inner][et_pb_row_inner _builder_version=\u00bb4.16&#8243; _module_preset=\u00bbdefault\u00bb global_colors_info=\u00bb{}\u00bb][et_pb_column_inner saved_specialty_column_type=\u00bb3_4&#8243; _builder_version=\u00bb4.16&#8243; _module_preset=\u00bbdefault\u00bb global_colors_info=\u00bb{}\u00bb][et_pb_image src=\u00bbhttp:\/\/clinicadelcarmenhuelva.com\/wp-content\/uploads\/2019\/07\/portadagarfe.jpg\u00bb title_text=\u00bbportadagarfe\u00bb _builder_version=\u00bb4.16&#8243; _module_preset=\u00bbdefault\u00bb animation_style=\u00bbzoom\u00bb global_colors_info=\u00bb{}\u00bb][\/et_pb_image][\/et_pb_column_inner][\/et_pb_row_inner][\/et_pb_column][et_pb_column type=\u00bb1_4&#8243; _builder_version=\u00bb4.16&#8243; custom_padding=\u00bb|||\u00bb global_colors_info=\u00bb{}\u00bb custom_padding__hover=\u00bb|||\u00bb][dsm_menu menu_id=\u00bb11&#8243; menu_link_text_color=\u00bbrgba(255,255,255,0.6)\u00bb menu_left_space=\u00bb13px\u00bb list_style_type=\u00bbsquare\u00bb list_style_color=\u00bbrgba(255,255,255,0.63)\u00bb _builder_version=\u00bb4.16&#8243; _module_preset=\u00bbdefault\u00bb header_font=\u00bb|||on|||||\u00bb menu_font=\u00bb|700||on|||||\u00bb menu_font_size=\u00bb12px\u00bb background_color=\u00bb#29C4A9&#8243; custom_padding=\u00bb10px|16px|||false|false\u00bb animation_style=\u00bbzoom\u00bb global_colors_info=\u00bb{}\u00bb][\/dsm_menu][\/et_pb_column][\/et_pb_section]\n","protected":false},"excerpt":{"rendered":"<p>M\u00e9dico Especialista en Cirug\u00eda Maxilofacial y Est\u00e9tica Facial Integral, formada en el Hospital Universitario Virgen del Roc\u00edo. M\u00e1ster en Medicina Est\u00e9tica de la Universidad Europea Miguel de Cervantes y Experto Universitario en Ortodoncia Quir\u00fargica y Cirug\u00eda Ortogn\u00e1tica de la Universidad Internacional de Catalu\u00f1a. Miembro de la SECOM (Sociedad Espa\u00f1ola de Cirug\u00eda Oral y Maxilofacial) y [&hellip;]<\/p>\n","protected":false},"author":1,"featured_media":0,"parent":0,"menu_order":0,"comment_status":"closed","ping_status":"closed","template":"","meta":{"_et_pb_use_builder":"on","_et_pb_old_content":"","_et_gb_content_width":"","footnotes":""},"class_list":["post-2301","page","type-page","status-publish","hentry"],"_links":{"self":[{"href":"https:\/\/clinicadelcarmenhuelva.com\/index.php\/wp-json\/wp\/v2\/pages\/2301","targetHints":{"allow":["GET"]}}],"collection":[{"href":"https:\/\/clinicadelcarmenhuelva.com\/index.php\/wp-json\/wp\/v2\/pages"}],"about":[{"href":"https:\/\/clinicadelcarmenhuelva.com\/index.php\/wp-json\/wp\/v2\/types\/page"}],"author":[{"embeddable":true,"href":"https:\/\/clinicadelcarmenhuelva.com\/index.php\/wp-json\/wp\/v2\/users\/1"}],"replies":[{"embeddable":true,"href":"https:\/\/clinicadelcarmenhuelva.com\/index.php\/wp-json\/wp\/v2\/comments?post=2301"}],"version-history":[{"count":6,"href":"https:\/\/clinicadelcarmenhuelva.com\/index.php\/wp-json\/wp\/v2\/pages\/2301\/revisions"}],"predecessor-version":[{"id":2325,"href":"https:\/\/clinicadelcarmenhuelva.com\/index.php\/wp-json\/wp\/v2\/pages\/2301\/revisions\/2325"}],"wp:attachment":[{"href":"https:\/\/clinicadelcarmenhuelva.com\/index.php\/wp-json\/wp\/v2\/media?parent=2301"}],"curies":[{"name":"wp","href":"https:\/\/api.w.org\/{rel}","templated":true}]}}